{"id":59,"date":"2018-01-30T11:30:24","date_gmt":"2018-01-30T10:30:24","guid":{"rendered":"http:\/\/new.bellevue-mediation.ch\/unsere-mitglieder\/miriam-rosenthal-rabner\/"},"modified":"2022-05-04T06:56:34","modified_gmt":"2022-05-04T04:56:34","slug":"miriam-rosenthal-rabner","status":"publish","type":"page","link":"https:\/\/www.bellevue-mediation.ch\/de\/wir-ueber-uns\/miriam-rosenthal-rabner\/","title":{"rendered":"Miriam Rosenthal-Rabner"},"content":{"rendered":"<p><div class=\"et_d4_element et_pb_section et_pb_section_0 bm-header-section et_pb_with_background  et_pb_css_mix_blend_mode et_pb_fullwidth_section et_section_regular et_block_section\" >\n\t\t\t\t\n\t\t\t\t\n\t\t\t\t\n\t\t\t\t\n\t\t\t\t\n\t\t\t\t\n\t\t\t\t<section class=\"et_pb_module et_d4_element et_pb_fullwidth_header et_pb_fullwidth_header_0 bm-header-module  et_pb_css_mix_blend_mode et_pb_text_align_left et_pb_bg_layout_dark\">\n\t\t\t\t\n\t\t\t\t\n\t\t\t\t\n\t\t\t\t\n\t\t\t\t<div class=\"et_pb_fullwidth_header_container left\">\n\t\t\t\t\t<div class=\"header-content-container center\">\n\t\t\t\t\t<div class=\"header-content\">\n\t\t\t\t\t\t\n\t\t\t\t\t\t<h1 class=\"et_pb_module_header\">Miriam Rosenthal-Rabner<\/h1>\n\t\t\t\t\t\t\n\t\t\t\t\t\t<div class=\"et_pb_header_content_wrapper\"><\/div>\n\t\t\t\t\t\t\n\t\t\t\t\t<\/div>\n\t\t\t\t<\/div>\n\t\t\t\t\t\n\t\t\t\t<\/div>\n\t\t\t\t<div class=\"et_pb_fullwidth_header_overlay\"><\/div>\n\t\t\t\t<div class=\"et_pb_fullwidth_header_scroll\"><\/div>\n\t\t\t<\/section>\n\t\t\t\t\n\t\t\t\t\n\t\t\t<\/div><div class=\"et_d4_element et_pb_section et_pb_section_1  et_pb_css_mix_blend_mode et_section_regular et_block_section\" >\n\t\t\t\t\n\t\t\t\t\n\t\t\t\t\n\t\t\t\t\n\t\t\t\t\n\t\t\t\t\n\t\t\t\t<div class=\"et_d4_element et_pb_row et_pb_row_0  et_pb_css_mix_blend_mode et_block_row\">\n\t\t\t\t<div class=\"et_d4_element et_pb_column_1_3 et_pb_column et_pb_column_0  et_pb_css_mix_blend_mode et_block_column\">\n\t\t\t\t\n\t\t\t\t\n\t\t\t\t\n\t\t\t\t\n\t\t\t\t<div class=\"et_pb_module et_d4_element et_pb_image et_pb_image_0\">\n\t\t\t\t\n\t\t\t\t\n\t\t\t\t\n\t\t\t\t\n\t\t\t\t<span class=\"et_pb_image_wrap \"><img loading=\"lazy\" decoding=\"async\" width=\"800\" height=\"800\" src=\"https:\/\/www.bellevue-mediation.ch\/wp-content\/uploads\/miriam_rosenthal-rabner_800x800-1.jpg\" alt=\"Miriam Rosenthal-Rabner\" title=\"Miriam Rosenthal-Rabner\" srcset=\"https:\/\/www.bellevue-mediation.ch\/wp-content\/uploads\/miriam_rosenthal-rabner_800x800-1.jpg 800w, https:\/\/www.bellevue-mediation.ch\/wp-content\/uploads\/miriam_rosenthal-rabner_800x800-1-480x480.jpg 480w\" sizes=\"(min-width: 0px) and (max-width: 480px) 480px, (min-width: 481px) 800px, 100vw\" class=\"wp-image-1395\" \/><\/span>\n\t\t\t<\/div><div class=\"et_pb_module et_d4_element et_pb_text et_pb_text_0  et_pb_text_align_left et_pb_bg_layout_light\">\n\t\t\t\t\n\t\t\t\t\n\t\t\t\t\n\t\t\t\t\n\t\t\t\t<div class=\"et_pb_text_inner\">Dipl. Mediatorin SVM, Psychologin lic. phil. FSP, Paar- und Familientherapeutin<br \/>\nTel. +41 43 243 80 60<\/p>\n<p><strong><a href=\"mailto:rosenthal@bellevue-mediation.ch\">rosenthal@bellevue-mediation.ch<\/a><\/strong><\/div>\n\t\t\t<\/div><div class=\"et_pb_module et_d4_element et_pb_text et_pb_text_1  et_pb_text_align_left et_pb_bg_layout_light\">\n\t\t\t\t\n\t\t\t\t\n\t\t\t\t\n\t\t\t\t\n\t\t\t\t<div class=\"et_pb_text_inner\"><h2>Werdegang<\/h2>\n<ul>\n<li>B.A. in Rechtswissenschaften<\/li>\n<li>Rechtsanw\u00e4ltin in ausl\u00e4ndischer Anwaltskanzlei<\/li>\n<li>Lizentiat in Psychologie und Kinder- und Jugendpsychopathologie an der Universit\u00e4t Z\u00fcrich<\/li>\n<li>Sozialp\u00e4dagogische Familienarbeit, Zentrum R\u00f6tel, Z\u00fcrich<\/li>\n<li>Interdisziplin\u00e4re Mediationsausbildung am IEF Z\u00fcrich und zak Basel<\/li>\n<li>1995\u20132002 dipl. Familienmediatorin an der \u00abScheidungsberatung und Mediationspraxis Z\u00fcrich\u00bb<\/li>\n<li>Mitbegr\u00fcnderin der Bellevue Mediation<\/li>\n<\/ul><\/div>\n\t\t\t<\/div>\n\t\t\t<\/div><div class=\"et_d4_element et_pb_column_1_3 et_pb_column et_pb_column_1  et_pb_css_mix_blend_mode et_block_column\">\n\t\t\t\t\n\t\t\t\t\n\t\t\t\t\n\t\t\t\t\n\t\t\t\t<div class=\"et_pb_module et_d4_element et_pb_text et_pb_text_2  et_pb_text_align_left et_pb_bg_layout_light\">\n\t\t\t\t\n\t\t\t\t\n\t\t\t\t\n\t\t\t\t\n\t\t\t\t<div class=\"et_pb_text_inner\"><h2>Weitere berufliche T\u00e4tigkeiten<\/h2>\n<ul>\n<li>seit 1996 Aufbau und Leitung von Gruppentherapien f\u00fcr Kinder in Scheidung<\/li>\n<li>2001 Mitbegr\u00fcndung des Vereins \u00abTrialog \u2013 Kinder in Scheidung\u00bb<\/li>\n<li>seit 2001 Durchf\u00fchrung von Kind-Anh\u00f6rungen am Bezirksgericht Z\u00fcrich<\/li>\n<li>Psychologische Beratung und Therapie (Kinder, Paare und Familien)<\/li>\n<li>Beratung in Sorgerechtsfragen (Kinder und Eltern)<\/li>\n<\/ul>\n<h2>Bevorzugte T\u00e4tigkeitsgebiete<\/h2>\n<ul>\n<li>Trennungs- und Scheidungsmediation<\/li>\n<li>Standort- und Ambivalenzevaluation<\/li>\n<li>Nacheheliche Familiensysteme<\/li>\n<li>Sorgerechtsfragen und -beratungen<\/li>\n<li>Einbezug von Kindern in Trennungs- und Scheidungssituationen<\/li>\n<li>Mehrparteien-Mediation<\/li>\n<li>Co-Mediation-Setting<\/li>\n<\/ul>\n<p>&nbsp;<\/p><\/div>\n\t\t\t<\/div>\n\t\t\t<\/div><div class=\"et_d4_element et_pb_column_1_3 et_pb_column et_pb_column_2  et_pb_css_mix_blend_mode et-last-child et_block_column\">\n\t\t\t\t\n\t\t\t\t\n\t\t\t\t\n\t\t\t\t\n\t\t\t\t<div class=\"et_pb_module et_d4_element et_pb_text et_pb_text_3  et_pb_text_align_left et_pb_bg_layout_light\">\n\t\t\t\t\n\t\t\t\t\n\t\t\t\t\n\t\t\t\t\n\t\t\t\t<div class=\"et_pb_text_inner\"><h2>Publikationen zur Mediation<\/h2>\n<ul>\n<li>Das Kind in der Mediation, SVM 2000, unver\u00f6ffentlicht<\/li>\n<\/ul>\n<h2>Mitgliedschaften<\/h2>\n<ul>\n<li>Schweizerischer Verein f\u00fcr Mediation SVM<\/li>\n<li>Foederation Schweizer Psychologen FSP<\/li>\n<li>Z\u00fcrcher Psychologenverband Z\u00fcPP<\/li>\n<li>Gr\u00fcndungsmitglied und Pr\u00e4sidentin \u00abTrialog \u2013 Verein Kinder in Scheidung\u00bb<\/li>\n<\/ul><\/div>\n\t\t\t<\/div>\n\t\t\t<\/div>\n\t\t\t\t\n\t\t\t\t\n\t\t\t\t\n\t\t\t\t\n\t\t\t<\/div>\n\t\t\t\t\n\t\t\t\t\n\t\t\t<\/div><\/p>\n","protected":false},"excerpt":{"rendered":"","protected":false},"author":2,"featured_media":0,"parent":2,"menu_order":3,"comment_status":"closed","ping_status":"closed","template":"","meta":{"_et_pb_use_builder":"on","_et_pb_old_content":"Dipl. Mediatorin SVM, Psychologin lic. phil FSP, Paar- und Familientherapeutin\r\nTel. +41 43 243 80 60\r\nE-Mail senden\r\n\r\nWerdegang\r\n\u00b7 B.A. in Rechtswissenschaften\r\n\u00b7 Rechtsanw\u00e4ltin in ausl\u00e4ndischer Anwaltskanzlei\r\n\u00b7 Lizentiat in Psychologie und Kinder- und Jugendpsychopathologie an der Universit\u00e4t Z\u00fcrich\r\n\u00b7 Sozialp\u00e4dagogische Familienarbeit, Zentrum R\u00f6tel, Z\u00fcrich\r\n\u00b7 Interdisziplin\u00e4re Mediationsausbildung am IEF Z\u00fcrich und zak Basel\r\n\u00b7 1995-2002 dipl. Familienmediatorin an der \"Scheidungsberatung und Mediationspraxis Z\u00fcrich\"\r\n\u00b7 Mitbegr\u00fcnderin der Bellevue Mediation\r\n\r\nWeitere berufliche T\u00e4tigkeiten\r\n\u00b7 seit 1996 Aufbau und Leitung von Gruppentherapien f\u00fcr Kinder in Scheidung\r\n\u00b7 2001 Mitbegr\u00fcndung des Vereins \"trialog-Kinder in Scheidung\"\r\n\u00b7 seit 2001 Durchf\u00fchrung von Kind-Anh\u00f6rungen am Bezirksgericht Z\u00fcrich\r\n\u00b7 Psychologische Beratung und Therapie (Kinder, Paare und Familien)\r\n\u00b7 Beratung in Sorgerechtsfragen (Kinder und Eltern)\r\n\r\nBevorzugte T\u00e4tigkeitsgebiete\r\n\u00b7 Trennungs- und Scheidungsmediation\r\n\u00b7 Standort- und Ambivalenzevaluation\r\n\u00b7 Nacheheliche Familiensysteme\r\n\u00b7 Sorgerechtsfragen und -beratungen\r\n\u00b7 Einbezug von Kindern in Trennungs- und Scheidungssituationen\r\n\u00b7 Mehrparteien-Mediation\r\n\u00b7 Co-Mediation-Setting\r\n\r\nPublikationen zur Mediation\r\n\u00b7 Das Kind in der Mediation, SVM 2000, unver\u00f6ffentlicht\r\n\r\nMitgliedschaften\r\n\u00b7 Schweizerischer Verein f\u00fcr Mediation SVM\r\n\u00b7 Foederation Schweizer Psychologen FSP\r\n\u00b7 Z\u00fcrcher Psychologenverband Z\u00fcPP\r\n\u00b7 Gr\u00fcndungsmitglied und Pr\u00e4sidentin \"Trialog-Verein Kinder in Scheidung\"","_et_gb_content_width":"","footnotes":""},"class_list":["post-59","page","type-page","status-publish","hentry"],"yoast_head":"<!-- This site is optimized with the Yoast SEO plugin v27.4 - https:\/\/yoast.com\/product\/yoast-seo-wordpress\/ -->\n<title>Miriam Rosenthal-Rabner &#8211; Bellevue Mediation<\/title>\n<meta name=\"robots\" content=\"index, follow, max-snippet:-1, max-image-preview:large, max-video-preview:-1\" \/>\n<link rel=\"canonical\" href=\"https:\/\/www.bellevue-mediation.ch\/de\/wir-ueber-uns\/miriam-rosenthal-rabner\/\" \/>\n<meta property=\"og:locale\" content=\"de_DE\" \/>\n<meta property=\"og:type\" content=\"article\" \/>\n<meta property=\"og:title\" content=\"Miriam Rosenthal-Rabner &#8211; Bellevue Mediation\" \/>\n<meta property=\"og:url\" content=\"https:\/\/www.bellevue-mediation.ch\/de\/wir-ueber-uns\/miriam-rosenthal-rabner\/\" \/>\n<meta property=\"og:site_name\" content=\"Bellevue Mediation\" \/>\n<meta property=\"article:modified_time\" content=\"2022-05-04T04:56:34+00:00\" \/>\n<meta name=\"twitter:card\" content=\"summary_large_image\" \/>\n<meta name=\"twitter:label1\" content=\"Gesch\u00e4tzte Lesezeit\" \/>\n\t<meta name=\"twitter:data1\" content=\"2\u00a0Minuten\" \/>\n<script type=\"application\/ld+json\" class=\"yoast-schema-graph\">{\"@context\":\"https:\\\/\\\/schema.org\",\"@graph\":[{\"@type\":\"WebPage\",\"@id\":\"https:\\\/\\\/www.bellevue-mediation.ch\\\/de\\\/wir-ueber-uns\\\/miriam-rosenthal-rabner\\\/\",\"url\":\"https:\\\/\\\/www.bellevue-mediation.ch\\\/de\\\/wir-ueber-uns\\\/miriam-rosenthal-rabner\\\/\",\"name\":\"Miriam Rosenthal-Rabner &#8211; Bellevue Mediation\",\"isPartOf\":{\"@id\":\"https:\\\/\\\/www.bellevue-mediation.ch\\\/de\\\/#website\"},\"datePublished\":\"2018-01-30T10:30:24+00:00\",\"dateModified\":\"2022-05-04T04:56:34+00:00\",\"breadcrumb\":{\"@id\":\"https:\\\/\\\/www.bellevue-mediation.ch\\\/de\\\/wir-ueber-uns\\\/miriam-rosenthal-rabner\\\/#breadcrumb\"},\"inLanguage\":\"de-CH\",\"potentialAction\":[{\"@type\":\"ReadAction\",\"target\":[\"https:\\\/\\\/www.bellevue-mediation.ch\\\/de\\\/wir-ueber-uns\\\/miriam-rosenthal-rabner\\\/\"]}]},{\"@type\":\"BreadcrumbList\",\"@id\":\"https:\\\/\\\/www.bellevue-mediation.ch\\\/de\\\/wir-ueber-uns\\\/miriam-rosenthal-rabner\\\/#breadcrumb\",\"itemListElement\":[{\"@type\":\"ListItem\",\"position\":1,\"name\":\"Home\",\"item\":\"https:\\\/\\\/www.bellevue-mediation.ch\\\/de\\\/\"},{\"@type\":\"ListItem\",\"position\":2,\"name\":\"Wir \u00fcber uns\",\"item\":\"https:\\\/\\\/www.bellevue-mediation.ch\\\/de\\\/wir-ueber-uns\\\/\"},{\"@type\":\"ListItem\",\"position\":3,\"name\":\"Miriam Rosenthal-Rabner\"}]},{\"@type\":\"WebSite\",\"@id\":\"https:\\\/\\\/www.bellevue-mediation.ch\\\/de\\\/#website\",\"url\":\"https:\\\/\\\/www.bellevue-mediation.ch\\\/de\\\/\",\"name\":\"Bellevue Mediation\",\"description\":\"Verhandeln \u2013\u00a0Ver\u00e4ndern \u2013 L\u00f6sen\",\"publisher\":{\"@id\":\"https:\\\/\\\/www.bellevue-mediation.ch\\\/de\\\/#organization\"},\"potentialAction\":[{\"@type\":\"SearchAction\",\"target\":{\"@type\":\"EntryPoint\",\"urlTemplate\":\"https:\\\/\\\/www.bellevue-mediation.ch\\\/de\\\/?s={search_term_string}\"},\"query-input\":{\"@type\":\"PropertyValueSpecification\",\"valueRequired\":true,\"valueName\":\"search_term_string\"}}],\"inLanguage\":\"de-CH\"},{\"@type\":\"Organization\",\"@id\":\"https:\\\/\\\/www.bellevue-mediation.ch\\\/de\\\/#organization\",\"name\":\"Bellevue Mediation\",\"url\":\"https:\\\/\\\/www.bellevue-mediation.ch\\\/de\\\/\",\"logo\":{\"@type\":\"ImageObject\",\"inLanguage\":\"de-CH\",\"@id\":\"https:\\\/\\\/www.bellevue-mediation.ch\\\/de\\\/#\\\/schema\\\/logo\\\/image\\\/\",\"url\":\"https:\\\/\\\/www.bellevue-mediation.ch\\\/wp-content\\\/uploads\\\/Bellevue_Mediation_Logo_800px.png\",\"contentUrl\":\"https:\\\/\\\/www.bellevue-mediation.ch\\\/wp-content\\\/uploads\\\/Bellevue_Mediation_Logo_800px.png\",\"width\":800,\"height\":142,\"caption\":\"Bellevue Mediation\"},\"image\":{\"@id\":\"https:\\\/\\\/www.bellevue-mediation.ch\\\/de\\\/#\\\/schema\\\/logo\\\/image\\\/\"}}]}<\/script>\n<!-- \/ Yoast SEO plugin. -->","yoast_head_json":{"title":"Miriam Rosenthal-Rabner &#8211; Bellevue Mediation","robots":{"index":"index","follow":"follow","max-snippet":"max-snippet:-1","max-image-preview":"max-image-preview:large","max-video-preview":"max-video-preview:-1"},"canonical":"https:\/\/www.bellevue-mediation.ch\/de\/wir-ueber-uns\/miriam-rosenthal-rabner\/","og_locale":"de_DE","og_type":"article","og_title":"Miriam Rosenthal-Rabner &#8211; Bellevue Mediation","og_url":"https:\/\/www.bellevue-mediation.ch\/de\/wir-ueber-uns\/miriam-rosenthal-rabner\/","og_site_name":"Bellevue Mediation","article_modified_time":"2022-05-04T04:56:34+00:00","twitter_card":"summary_large_image","twitter_misc":{"Gesch\u00e4tzte Lesezeit":"2\u00a0Minuten"},"schema":{"@context":"https:\/\/schema.org","@graph":[{"@type":"WebPage","@id":"https:\/\/www.bellevue-mediation.ch\/de\/wir-ueber-uns\/miriam-rosenthal-rabner\/","url":"https:\/\/www.bellevue-mediation.ch\/de\/wir-ueber-uns\/miriam-rosenthal-rabner\/","name":"Miriam Rosenthal-Rabner &#8211; Bellevue Mediation","isPartOf":{"@id":"https:\/\/www.bellevue-mediation.ch\/de\/#website"},"datePublished":"2018-01-30T10:30:24+00:00","dateModified":"2022-05-04T04:56:34+00:00","breadcrumb":{"@id":"https:\/\/www.bellevue-mediation.ch\/de\/wir-ueber-uns\/miriam-rosenthal-rabner\/#breadcrumb"},"inLanguage":"de-CH","potentialAction":[{"@type":"ReadAction","target":["https:\/\/www.bellevue-mediation.ch\/de\/wir-ueber-uns\/miriam-rosenthal-rabner\/"]}]},{"@type":"BreadcrumbList","@id":"https:\/\/www.bellevue-mediation.ch\/de\/wir-ueber-uns\/miriam-rosenthal-rabner\/#breadcrumb","itemListElement":[{"@type":"ListItem","position":1,"name":"Home","item":"https:\/\/www.bellevue-mediation.ch\/de\/"},{"@type":"ListItem","position":2,"name":"Wir \u00fcber uns","item":"https:\/\/www.bellevue-mediation.ch\/de\/wir-ueber-uns\/"},{"@type":"ListItem","position":3,"name":"Miriam Rosenthal-Rabner"}]},{"@type":"WebSite","@id":"https:\/\/www.bellevue-mediation.ch\/de\/#website","url":"https:\/\/www.bellevue-mediation.ch\/de\/","name":"Bellevue Mediation","description":"Verhandeln \u2013\u00a0Ver\u00e4ndern \u2013 L\u00f6sen","publisher":{"@id":"https:\/\/www.bellevue-mediation.ch\/de\/#organization"},"potentialAction":[{"@type":"SearchAction","target":{"@type":"EntryPoint","urlTemplate":"https:\/\/www.bellevue-mediation.ch\/de\/?s={search_term_string}"},"query-input":{"@type":"PropertyValueSpecification","valueRequired":true,"valueName":"search_term_string"}}],"inLanguage":"de-CH"},{"@type":"Organization","@id":"https:\/\/www.bellevue-mediation.ch\/de\/#organization","name":"Bellevue Mediation","url":"https:\/\/www.bellevue-mediation.ch\/de\/","logo":{"@type":"ImageObject","inLanguage":"de-CH","@id":"https:\/\/www.bellevue-mediation.ch\/de\/#\/schema\/logo\/image\/","url":"https:\/\/www.bellevue-mediation.ch\/wp-content\/uploads\/Bellevue_Mediation_Logo_800px.png","contentUrl":"https:\/\/www.bellevue-mediation.ch\/wp-content\/uploads\/Bellevue_Mediation_Logo_800px.png","width":800,"height":142,"caption":"Bellevue Mediation"},"image":{"@id":"https:\/\/www.bellevue-mediation.ch\/de\/#\/schema\/logo\/image\/"}}]}},"_links":{"self":[{"href":"https:\/\/www.bellevue-mediation.ch\/de\/wp-json\/wp\/v2\/pages\/59","targetHints":{"allow":["GET"]}}],"collection":[{"href":"https:\/\/www.bellevue-mediation.ch\/de\/wp-json\/wp\/v2\/pages"}],"about":[{"href":"https:\/\/www.bellevue-mediation.ch\/de\/wp-json\/wp\/v2\/types\/page"}],"author":[{"embeddable":true,"href":"https:\/\/www.bellevue-mediation.ch\/de\/wp-json\/wp\/v2\/users\/2"}],"replies":[{"embeddable":true,"href":"https:\/\/www.bellevue-mediation.ch\/de\/wp-json\/wp\/v2\/comments?post=59"}],"version-history":[{"count":24,"href":"https:\/\/www.bellevue-mediation.ch\/de\/wp-json\/wp\/v2\/pages\/59\/revisions"}],"predecessor-version":[{"id":1422,"href":"https:\/\/www.bellevue-mediation.ch\/de\/wp-json\/wp\/v2\/pages\/59\/revisions\/1422"}],"up":[{"embeddable":true,"href":"https:\/\/www.bellevue-mediation.ch\/de\/wp-json\/wp\/v2\/pages\/2"}],"wp:attachment":[{"href":"https:\/\/www.bellevue-mediation.ch\/de\/wp-json\/wp\/v2\/media?parent=59"}],"curies":[{"name":"wp","href":"https:\/\/api.w.org\/{rel}","templated":true}]}}